{"id":1543,"date":"2024-03-28T13:49:58","date_gmt":"2024-03-28T12:49:58","guid":{"rendered":"http:\/\/joaquimmolinsfigueras.org.mialias.net\/?page_id=1543"},"modified":"2024-05-22T20:48:54","modified_gmt":"2024-05-22T18:48:54","slug":"becas-marta","status":"publish","type":"page","link":"https:\/\/joaquimmolinsfigueras.org\/webnew\/becas-marta\/","title":{"rendered":"Becas Marta"},"content":{"rendered":"<p>[et_pb_section fb_built=\u00bb1&#8243; custom_padding_last_edited=\u00bbon|tablet\u00bb admin_label=\u00bbAbout\u00bb _builder_version=\u00bb4.19.1&#8243; custom_padding=\u00bb5vw|||10vw|false|false\u00bb custom_padding_tablet=\u00bb|10vw||10vw||true\u00bb custom_padding_phone=\u00bb\u00bb custom_width_px__hover=\u00bb1080px\u00bb custom_width_px__hover_enabled=\u00bb1080px\u00bb custom_width_percent__hover=\u00bb80%\u00bb custom_width_percent__hover_enabled=\u00bb80%\u00bb global_colors_info=\u00bb{}\u00bb gutter_width__hover=\u00bb3&#8243; gutter_width__hover_enabled=\u00bb3&#8243; parallax_1__hover=\u00bboff\u00bb parallax_1__hover_enabled=\u00bboff\u00bb parallax_2__hover=\u00bboff\u00bb parallax_2__hover_enabled=\u00bboff\u00bb parallax_3__hover=\u00bboff\u00bb parallax_3__hover_enabled=\u00bboff\u00bb parallax_method_1__hover=\u00bbon\u00bb parallax_method_1__hover_enabled=\u00bbon\u00bb parallax_method_2__hover=\u00bbon\u00bb parallax_method_2__hover_enabled=\u00bbon\u00bb parallax_method_3__hover=\u00bbon\u00bb parallax_method_3__hover_enabled=\u00bbon\u00bb use_background_color_gradient__hover=\u00bboff\u00bb use_background_color_gradient__hover_enabled=\u00bboff\u00bb background_color_gradient_start__hover=\u00bb#2b87da\u00bb background_color_gradient_start__hover_enabled=\u00bb#2b87da\u00bb background_color_gradient_end__hover=\u00bb#29c4a9&#8243; background_color_gradient_end__hover_enabled=\u00bb#29c4a9&#8243; background_color_gradient_type__hover=\u00bblinear\u00bb background_color_gradient_type__hover_enabled=\u00bblinear\u00bb background_color_gradient_direction__hover=\u00bb180deg\u00bb background_color_gradient_direction__hover_enabled=\u00bb180deg\u00bb background_color_gradient_direction_radial__hover=\u00bbcenter\u00bb background_color_gradient_direction_radial__hover_enabled=\u00bbcenter\u00bb background_color_gradient_start_position__hover=\u00bb0%\u00bb background_color_gradient_start_position__hover_enabled=\u00bb0%\u00bb background_color_gradient_end_position__hover=\u00bb100%\u00bb background_color_gradient_end_position__hover_enabled=\u00bb100%\u00bb background_color_gradient_overlays_image__hover=\u00bboff\u00bb background_color_gradient_overlays_image__hover_enabled=\u00bboff\u00bb parallax__hover=\u00bboff\u00bb parallax__hover_enabled=\u00bboff\u00bb parallax_method__hover=\u00bbon\u00bb parallax_method__hover_enabled=\u00bbon\u00bb background_size__hover=\u00bbcover\u00bb background_size__hover_enabled=\u00bbcover\u00bb background_position__hover=\u00bbcenter\u00bb background_position__hover_enabled=\u00bbcenter\u00bb background_repeat__hover=\u00bbno-repeat\u00bb background_repeat__hover_enabled=\u00bbno-repeat\u00bb background_blend__hover=\u00bbnormal\u00bb background_blend__hover_enabled=\u00bbnormal\u00bb allow_player_pause__hover=\u00bboff\u00bb allow_player_pause__hover_enabled=\u00bboff\u00bb background_video_pause_outside_viewport__hover=\u00bbon\u00bb background_video_pause_outside_viewport__hover_enabled=\u00bbon\u00bb inner_shadow__hover=\u00bboff\u00bb inner_shadow__hover_enabled=\u00bboff\u00bb make_fullwidth__hover=\u00bboff\u00bb make_fullwidth__hover_enabled=\u00bboff\u00bb use_custom_width__hover=\u00bboff\u00bb use_custom_width__hover_enabled=\u00bboff\u00bb width_unit__hover=\u00bbon\u00bb width_unit__hover_enabled=\u00bbon\u00bb make_equal__hover=\u00bboff\u00bb make_equal__hover_enabled=\u00bboff\u00bb use_custom_gutter__hover=\u00bboff\u00bb use_custom_gutter__hover_enabled=\u00bboff\u00bb border_radii__hover=\u00bbon||||\u00bb border_radii__hover_enabled=\u00bbon||||\u00bb box_shadow_style__hover=\u00bbnone\u00bb box_shadow_style__hover_enabled=\u00bbnone\u00bb box_shadow_color__hover=\u00bbrgba(0,0,0,0.3)\u00bb box_shadow_color__hover_enabled=\u00bbrgba(0,0,0,0.3)\u00bb max_width__hover=\u00bb100%\u00bb max_width__hover_enabled=\u00bb100%\u00bb filter_hue_rotate__hover=\u00bb0deg\u00bb filter_hue_rotate__hover_enabled=\u00bb0deg\u00bb filter_saturate__hover=\u00bb100%\u00bb filter_saturate__hover_enabled=\u00bb100%\u00bb filter_brightness__hover=\u00bb100%\u00bb filter_brightness__hover_enabled=\u00bb100%\u00bb filter_contrast__hover=\u00bb100%\u00bb filter_contrast__hover_enabled=\u00bb100%\u00bb filter_invert__hover=\u00bb0%\u00bb filter_invert__hover_enabled=\u00bb0%\u00bb filter_sepia__hover=\u00bb0%\u00bb filter_sepia__hover_enabled=\u00bb0%\u00bb filter_opacity__hover=\u00bb100%\u00bb filter_opacity__hover_enabled=\u00bb100%\u00bb filter_blur__hover=\u00bb0px\u00bb filter_blur__hover_enabled=\u00bb0px\u00bb mix_blend_mode__hover=\u00bbnormal\u00bb mix_blend_mode__hover_enabled=\u00bbnormal\u00bb animation_style__hover=\u00bbnone\u00bb animation_style__hover_enabled=\u00bbnone\u00bb animation_repeat__hover=\u00bbonce\u00bb animation_repeat__hover_enabled=\u00bbonce\u00bb animation_direction__hover=\u00bbcenter\u00bb animation_direction__hover_enabled=\u00bbcenter\u00bb animation_duration__hover=\u00bb1000ms\u00bb animation_duration__hover_enabled=\u00bb1000ms\u00bb animation_delay__hover=\u00bb0ms\u00bb animation_delay__hover_enabled=\u00bb0ms\u00bb animation_intensity_slide__hover=\u00bb50%\u00bb animation_intensity_slide__hover_enabled=\u00bb50%\u00bb animation_intensity_zoom__hover=\u00bb50%\u00bb animation_intensity_zoom__hover_enabled=\u00bb50%\u00bb animation_intensity_flip__hover=\u00bb50%\u00bb animation_intensity_flip__hover_enabled=\u00bb50%\u00bb animation_intensity_fold__hover=\u00bb50%\u00bb animation_intensity_fold__hover_enabled=\u00bb50%\u00bb animation_intensity_roll__hover=\u00bb50%\u00bb animation_intensity_roll__hover_enabled=\u00bb50%\u00bb animation_starting_opacity__hover=\u00bb0%\u00bb animation_starting_opacity__hover_enabled=\u00bb0%\u00bb animation_speed_curve__hover=\u00bbease-in-out\u00bb animation_speed_curve__hover_enabled=\u00bbease-in-out\u00bb hover_transition_duration__hover=\u00bb300ms\u00bb hover_transition_duration__hover_enabled=\u00bb300ms\u00bb hover_transition_delay__hover=\u00bb0ms\u00bb hover_transition_delay__hover_enabled=\u00bb0ms\u00bb hover_transition_speed_curve__hover=\u00bbease\u00bb hover_transition_speed_curve__hover_enabled=\u00bbease\u00bb background_color_gradient_stops__hover=\u00bb#2b87da 0%|#29c4a9 100%\u00bb][et_pb_row column_structure=\u00bb2_5,3_5&#8243; _builder_version=\u00bb4.19.1&#8243; width=\u00bb100%\u00bb max_width=\u00bb100%\u00bb module_alignment=\u00bbright\u00bb use_custom_width=\u00bbon\u00bb width_unit=\u00bboff\u00bb custom_width_percent=\u00bb100%\u00bb global_colors_info=\u00bb{}\u00bb][et_pb_column type=\u00bb2_5&#8243; _builder_version=\u00bb4.16&#8243; custom_padding=\u00bb|||\u00bb custom_padding_tablet=\u00bb|10vw||10vw||true\u00bb custom_padding_phone=\u00bb|||\u00bb custom_padding_last_edited=\u00bboff|desktop\u00bb global_colors_info=\u00bb{}\u00bb custom_padding__hover=\u00bb|||\u00bb][et_pb_text _builder_version=\u00bb4.19.1&#8243; header_font=\u00bb||||||||\u00bb header_2_font=\u00bbNoto Serif||||||||\u00bb header_2_font_size=\u00bb40px\u00bb header_2_line_height=\u00bb1.4em\u00bb max_width=\u00bb600px\u00bb header_2_font_tablet=\u00bbNoto Serif||||||||\u00bb header_2_font_phone=\u00bbNoto Serif||||||||\u00bb header_2_font_last_edited=\u00bbon|desktop\u00bb header_2_font_size_tablet=\u00bb30px\u00bb header_2_font_size_phone=\u00bb30px\u00bb header_2_font_size_last_edited=\u00bbon|phone\u00bb global_colors_info=\u00bb{}\u00bb]<\/p>\n<h2>Becas Marta<\/h2>\n<p>[\/et_pb_text][et_pb_divider color=\u00bb#AADB24&#8243; divider_weight=\u00bb3px\u00bb _builder_version=\u00bb4.19.1&#8243; max_width=\u00bb80px\u00bb height=\u00bb3px\u00bb global_colors_info=\u00bb{}\u00bb]<br \/>\n[\/et_pb_divider][et_pb_image src=\u00bbhttps:\/\/joaquimmolinsfigueras.org\/webnew\/wp-content\/uploads\/2024\/05\/Programa-Sumu-Futur-827&#215;1024-1.jpg\u00bb title_text=\u00bbPrograma-Sumu-Futur-827&#215;1024&#8243; align_tablet=\u00bb\u00bb align_phone=\u00bbcenter\u00bb align_last_edited=\u00bbon|phone\u00bb _builder_version=\u00bb4.19.1&#8243; _module_preset=\u00bbdefault\u00bb global_colors_info=\u00bb{}\u00bb][\/et_pb_image][et_pb_text _builder_version=\u00bb4.19.1&#8243; text_font=\u00bb||||||||\u00bb text_font_size=\u00bb16px\u00bb text_line_height=\u00bb2em\u00bb header_2_font=\u00bb||||||||\u00bb link_option_url_new_window=\u00bbon\u00bb text_font_size_tablet=\u00bb14px\u00bb text_font_size_phone=\u00bb\u00bb text_font_size_last_edited=\u00bbon|phone\u00bb global_colors_info=\u00bb{}\u00bb]<\/p>\n<p style=\"text-align: justify;\">Nacen las <strong>Becas Marta<\/strong>, para apoyar a las familias frente a los trastornos del aprendizaje que podr\u00edan vivir sus hijos, causa hoy m\u00e1s frecuente de fracaso, bajo rendimiento y abandono escolar prematuro. Durante los cursos 2021-2022 y 2022-2023 realizamos una prueba piloto en la <strong>Escola Sagrat Cor<span style=\"color: #808080;\">\u00a0<\/span><\/strong>con la colaboraci\u00f3n del equipo de profesionales del <strong>Institut Som Via<\/strong>. Adem\u00e1s de facilitar la coordinaci\u00f3n entre los equipos profesionales, con el equipo docente de la escuela, nuestra financiaci\u00f3n ha permitido otorgar las <strong>Becas Marta<\/strong>, en beneficio del alumnado del centro con carencia de recursos y necesidades de apoyo directo.<\/p>\n<p style=\"text-align: justify;\">La experiencia ha sido un \u00e9xito enriquecedor, ahora queremos avanzar en el impacto y llegar a m\u00e1s escuelas. Por esta raz\u00f3n, hemos creado una alianza con el proyecto <strong>Suma Futur<\/strong> impulsado por la <strong>Fundaci\u00f3n Som Via<\/strong>\u00a0y que ofrece formaci\u00f3n especializada a los claustros de profesores. Con el proyecto <strong>Suma Futur<\/strong>\u00a0y las <strong>Becas Marta<\/strong>, beneficiamos de forma directa al alumnado, familias y claustros docentes. As\u00ed, el alumnado se siente m\u00e1s seguro para afrontar de forma satisfactoria el d\u00eda a d\u00eda en clase, el equipo docente cuenta con las mejores herramientas para abordar la diversidad en el aula y las familias que m\u00e1s lo necesitan disfrutan de la seguridad de un acompa\u00f1amiento individualizado para su hijo, soporte que le permitir\u00e1 el acceso en igualdad de oportunidades a un mundo lleno de posibilidades.<\/p>\n<p>[\/et_pb_text][\/et_pb_column][et_pb_column type=\u00bb3_5&#8243; _builder_version=\u00bb4.16&#8243; custom_padding=\u00bb|||\u00bb custom_padding_tablet=\u00bb0vw|||\u00bb custom_padding_last_edited=\u00bboff|desktop\u00bb global_colors_info=\u00bb{}\u00bb custom_padding__hover=\u00bb|||\u00bb][et_pb_divider show_divider=\u00bboff\u00bb _builder_version=\u00bb4.19.1&#8243; background_image=\u00bbhttps:\/\/joaquimmolinsfigueras.org\/webnew\/wp-content\/uploads\/2024\/04\/ninos.jpg\u00bb parallax=\u00bbon\u00bb height_tablet=\u00bb\u00bb height_phone=\u00bb130px\u00bb height_last_edited=\u00bbon|phone\u00bb max_height_tablet=\u00bb\u00bb max_height_phone=\u00bb130px\u00bb max_height_last_edited=\u00bbon|phone\u00bb custom_margin=\u00bb||\u00bb custom_padding=\u00bb26vw||26vw||true\u00bb custom_padding_tablet=\u00bb\u00bb custom_padding_phone=\u00bb\u00bb custom_padding_last_edited=\u00bbon|phone\u00bb global_colors_info=\u00bb{}\u00bb]<br \/>\n[\/et_pb_divider][et_pb_text _builder_version=\u00bb4.19.1&#8243; text_font=\u00bb|700||on|||||\u00bb text_font_size=\u00bb15px\u00bb text_letter_spacing=\u00bb1px\u00bb header_2_font=\u00bb||||||||\u00bb background_color=\u00bb#AADB24&#8243; text_orientation=\u00bbcenter\u00bb background_layout=\u00bbdark\u00bb custom_margin=\u00bb0px||0px||false|false\u00bb custom_padding=\u00bb30px|20px|30px|20px|true|true\u00bb custom_padding_tablet=\u00bb30px|20px|30px|20px|true|true\u00bb custom_padding_phone=\u00bb38px||38px||true|true\u00bb custom_padding_last_edited=\u00bbon|phone\u00bb animation_style=\u00bbslide\u00bb animation_direction=\u00bbtop\u00bb animation_intensity_slide=\u00bb10%\u00bb link_option_url=\u00bbhttps:\/\/institutsomvia.org\/ca\/\u00bb link_option_url_new_window=\u00bbon\u00bb hover_enabled=\u00bb0&#8243; text_text_color_tablet=\u00bb\u00bb text_text_color_phone=\u00bb\u00bb text_text_color_last_edited=\u00bbon|phone\u00bb locked=\u00bboff\u00bb global_colors_info=\u00bb{}\u00bb sticky_enabled=\u00bb0&#8243; custom_margin_last_edited=\u00bbon|phone\u00bb custom_margin_phone=\u00bb-20px||||false|false\u00bb custom_margin_tablet=\u00bb0px||0px||false|false\u00bb]<\/p>\n<p>ver m\u00e1s de institut som via<\/p>\n<p>[\/et_pb_text][et_pb_text _builder_version=\u00bb4.19.1&#8243; _dynamic_attributes=\u00bblink_option_url\u00bb text_font=\u00bb|700||on|||||\u00bb text_font_size=\u00bb15px\u00bb text_letter_spacing=\u00bb2px\u00bb header_2_font=\u00bb||||||||\u00bb background_color=\u00bb#55677f\u00bb text_orientation=\u00bbcenter\u00bb background_layout=\u00bbdark\u00bb custom_padding=\u00bb30px|20px|30px|20px|true|true\u00bb animation_style=\u00bbslide\u00bb animation_direction=\u00bbtop\u00bb animation_intensity_slide=\u00bb10%\u00bb link_option_url=\u00bb@ET-DC@eyJkeW5hbWljIjp0cnVlLCJjb250ZW50IjoicG9zdF9saW5rX3VybF9hdHRhY2htZW50Iiwic2V0dGluZ3MiOnsicG9zdF9pZCI6IjE2ODMifX0=@\u00bb link_option_url_new_window=\u00bbon\u00bb border_radii=\u00bb||||10px\u00bb box_shadow_style=\u00bbpreset3&#8243; box_shadow_blur=\u00bb100px\u00bb box_shadow_color=\u00bbrgba(85,103,127,0.6)\u00bb locked=\u00bboff\u00bb global_colors_info=\u00bb{}\u00bb]<\/p>\n<p>alumnado, familias y docentes con acompa\u00f1amiento m\u00e1s herramientas<\/p>\n<p>[\/et_pb_text][\/et_pb_column][\/et_pb_row][\/et_pb_section]<\/p>\n","protected":false},"excerpt":{"rendered":"<p>Becas Marta Nacen las Becas Marta, para apoyar a las familias frente a los trastornos del aprendizaje que podr\u00edan vivir sus hijos, causa hoy m\u00e1s frecuente de fracaso, bajo rendimiento y abandono escolar prematuro. Durante los cursos 2021-2022 y 2022-2023 realizamos una prueba piloto en la Escola Sagrat Cor\u00a0con la colaboraci\u00f3n del equipo de profesionales [&hellip;]<\/p>\n","protected":false},"author":1,"featured_media":0,"parent":0,"menu_order":0,"comment_status":"closed","ping_status":"closed","template":"","meta":{"_et_pb_use_builder":"on","_et_pb_old_content":"","_et_gb_content_width":"","footnotes":""},"yoast_head":"<!-- This site is optimized with the Yoast SEO plugin v22.9 - https:\/\/yoast.com\/wordpress\/plugins\/seo\/ -->\n<title>Becas Marta - Fundaci\u00f3 Joaquim Molins Figueras<\/title>\n<meta name=\"robots\" content=\"noindex, follow, max-snippet:-1, max-image-preview:large, max-video-preview:-1\" \/>\n<meta property=\"og:locale\" content=\"es_ES\" \/>\n<meta property=\"og:type\" content=\"article\" \/>\n<meta property=\"og:title\" content=\"Becas Marta - Fundaci\u00f3 Joaquim Molins Figueras\" \/>\n<meta property=\"og:description\" content=\"Becas Marta Nacen las Becas Marta, para apoyar a las familias frente a los trastornos del aprendizaje que podr\u00edan vivir sus hijos, causa hoy m\u00e1s frecuente de fracaso, bajo rendimiento y abandono escolar prematuro. Durante los cursos 2021-2022 y 2022-2023 realizamos una prueba piloto en la Escola Sagrat Cor\u00a0con la colaboraci\u00f3n del equipo de profesionales [&hellip;]\" \/>\n<meta property=\"og:url\" content=\"https:\/\/joaquimmolinsfigueras.org\/webnew\/becas-marta\/\" \/>\n<meta property=\"og:site_name\" content=\"Fundaci\u00f3 Joaquim Molins Figueras\" \/>\n<meta property=\"article:publisher\" content=\"https:\/\/www.facebook.com\/FundacioJoaquimMolinsFigueras\/\" \/>\n<meta property=\"article:modified_time\" content=\"2024-05-22T18:48:54+00:00\" \/>\n<meta property=\"og:image\" content=\"https:\/\/joaquimmolinsfigueras.org\/webnew\/wp-content\/uploads\/2022\/05\/logo-jmf.png\" \/>\n\t<meta property=\"og:image:width\" content=\"192\" \/>\n\t<meta property=\"og:image:height\" content=\"164\" \/>\n\t<meta property=\"og:image:type\" content=\"image\/png\" \/>\n<meta name=\"twitter:card\" content=\"summary_large_image\" \/>\n<meta name=\"twitter:label1\" content=\"Tiempo de lectura\" \/>\n\t<meta name=\"twitter:data1\" content=\"7 minutos\" \/>\n<script type=\"application\/ld+json\" class=\"yoast-schema-graph\">{\"@context\":\"https:\/\/schema.org\",\"@graph\":[{\"@type\":\"WebPage\",\"@id\":\"https:\/\/joaquimmolinsfigueras.org\/webnew\/becas-marta\/\",\"url\":\"https:\/\/joaquimmolinsfigueras.org\/webnew\/becas-marta\/\",\"name\":\"Becas Marta - Fundaci\u00f3 Joaquim Molins Figueras\",\"isPartOf\":{\"@id\":\"https:\/\/joaquimmolinsfigueras.org\/webnew\/#website\"},\"datePublished\":\"2024-03-28T12:49:58+00:00\",\"dateModified\":\"2024-05-22T18:48:54+00:00\",\"breadcrumb\":{\"@id\":\"https:\/\/joaquimmolinsfigueras.org\/webnew\/becas-marta\/#breadcrumb\"},\"inLanguage\":\"es\",\"potentialAction\":[{\"@type\":\"ReadAction\",\"target\":[\"https:\/\/joaquimmolinsfigueras.org\/webnew\/becas-marta\/\"]}]},{\"@type\":\"BreadcrumbList\",\"@id\":\"https:\/\/joaquimmolinsfigueras.org\/webnew\/becas-marta\/#breadcrumb\",\"itemListElement\":[{\"@type\":\"ListItem\",\"position\":1,\"name\":\"Portada\",\"item\":\"https:\/\/joaquimmolinsfigueras.org\/webnew\/\"},{\"@type\":\"ListItem\",\"position\":2,\"name\":\"Becas Marta\"}]},{\"@type\":\"WebSite\",\"@id\":\"https:\/\/joaquimmolinsfigueras.org\/webnew\/#website\",\"url\":\"https:\/\/joaquimmolinsfigueras.org\/webnew\/\",\"name\":\"Fundaci\u00f3n Joaqu\u00edn Molins Figueras\",\"description\":\"\",\"publisher\":{\"@id\":\"https:\/\/joaquimmolinsfigueras.org\/webnew\/#organization\"},\"potentialAction\":[{\"@type\":\"SearchAction\",\"target\":{\"@type\":\"EntryPoint\",\"urlTemplate\":\"https:\/\/joaquimmolinsfigueras.org\/webnew\/?s={search_term_string}\"},\"query-input\":\"required name=search_term_string\"}],\"inLanguage\":\"es\"},{\"@type\":\"Organization\",\"@id\":\"https:\/\/joaquimmolinsfigueras.org\/webnew\/#organization\",\"name\":\"Fundaci\u00f3n Joaqu\u00edn Molins Figueras\",\"url\":\"https:\/\/joaquimmolinsfigueras.org\/webnew\/\",\"logo\":{\"@type\":\"ImageObject\",\"inLanguage\":\"es\",\"@id\":\"https:\/\/joaquimmolinsfigueras.org\/webnew\/#\/schema\/logo\/image\/\",\"url\":\"https:\/\/joaquimmolinsfigueras.org\/webnew\/wp-content\/uploads\/2022\/05\/logo-jmf.png\",\"contentUrl\":\"https:\/\/joaquimmolinsfigueras.org\/webnew\/wp-content\/uploads\/2022\/05\/logo-jmf.png\",\"width\":192,\"height\":164,\"caption\":\"Fundaci\u00f3n Joaqu\u00edn Molins Figueras\"},\"image\":{\"@id\":\"https:\/\/joaquimmolinsfigueras.org\/webnew\/#\/schema\/logo\/image\/\"},\"sameAs\":[\"https:\/\/www.facebook.com\/FundacioJoaquimMolinsFigueras\/\"]}]}<\/script>\n<!-- \/ Yoast SEO plugin. -->","yoast_head_json":{"title":"Becas Marta - Fundaci\u00f3 Joaquim Molins Figueras","robots":{"index":"noindex","follow":"follow","max-snippet":"max-snippet:-1","max-image-preview":"max-image-preview:large","max-video-preview":"max-video-preview:-1"},"og_locale":"es_ES","og_type":"article","og_title":"Becas Marta - Fundaci\u00f3 Joaquim Molins Figueras","og_description":"Becas Marta Nacen las Becas Marta, para apoyar a las familias frente a los trastornos del aprendizaje que podr\u00edan vivir sus hijos, causa hoy m\u00e1s frecuente de fracaso, bajo rendimiento y abandono escolar prematuro. Durante los cursos 2021-2022 y 2022-2023 realizamos una prueba piloto en la Escola Sagrat Cor\u00a0con la colaboraci\u00f3n del equipo de profesionales [&hellip;]","og_url":"https:\/\/joaquimmolinsfigueras.org\/webnew\/becas-marta\/","og_site_name":"Fundaci\u00f3 Joaquim Molins Figueras","article_publisher":"https:\/\/www.facebook.com\/FundacioJoaquimMolinsFigueras\/","article_modified_time":"2024-05-22T18:48:54+00:00","og_image":[{"width":192,"height":164,"url":"https:\/\/joaquimmolinsfigueras.org\/webnew\/wp-content\/uploads\/2022\/05\/logo-jmf.png","type":"image\/png"}],"twitter_card":"summary_large_image","twitter_misc":{"Tiempo de lectura":"7 minutos"},"schema":{"@context":"https:\/\/schema.org","@graph":[{"@type":"WebPage","@id":"https:\/\/joaquimmolinsfigueras.org\/webnew\/becas-marta\/","url":"https:\/\/joaquimmolinsfigueras.org\/webnew\/becas-marta\/","name":"Becas Marta - Fundaci\u00f3 Joaquim Molins Figueras","isPartOf":{"@id":"https:\/\/joaquimmolinsfigueras.org\/webnew\/#website"},"datePublished":"2024-03-28T12:49:58+00:00","dateModified":"2024-05-22T18:48:54+00:00","breadcrumb":{"@id":"https:\/\/joaquimmolinsfigueras.org\/webnew\/becas-marta\/#breadcrumb"},"inLanguage":"es","potentialAction":[{"@type":"ReadAction","target":["https:\/\/joaquimmolinsfigueras.org\/webnew\/becas-marta\/"]}]},{"@type":"BreadcrumbList","@id":"https:\/\/joaquimmolinsfigueras.org\/webnew\/becas-marta\/#breadcrumb","itemListElement":[{"@type":"ListItem","position":1,"name":"Portada","item":"https:\/\/joaquimmolinsfigueras.org\/webnew\/"},{"@type":"ListItem","position":2,"name":"Becas Marta"}]},{"@type":"WebSite","@id":"https:\/\/joaquimmolinsfigueras.org\/webnew\/#website","url":"https:\/\/joaquimmolinsfigueras.org\/webnew\/","name":"Fundaci\u00f3n Joaqu\u00edn Molins Figueras","description":"","publisher":{"@id":"https:\/\/joaquimmolinsfigueras.org\/webnew\/#organization"},"potentialAction":[{"@type":"SearchAction","target":{"@type":"EntryPoint","urlTemplate":"https:\/\/joaquimmolinsfigueras.org\/webnew\/?s={search_term_string}"},"query-input":"required name=search_term_string"}],"inLanguage":"es"},{"@type":"Organization","@id":"https:\/\/joaquimmolinsfigueras.org\/webnew\/#organization","name":"Fundaci\u00f3n Joaqu\u00edn Molins Figueras","url":"https:\/\/joaquimmolinsfigueras.org\/webnew\/","logo":{"@type":"ImageObject","inLanguage":"es","@id":"https:\/\/joaquimmolinsfigueras.org\/webnew\/#\/schema\/logo\/image\/","url":"https:\/\/joaquimmolinsfigueras.org\/webnew\/wp-content\/uploads\/2022\/05\/logo-jmf.png","contentUrl":"https:\/\/joaquimmolinsfigueras.org\/webnew\/wp-content\/uploads\/2022\/05\/logo-jmf.png","width":192,"height":164,"caption":"Fundaci\u00f3n Joaqu\u00edn Molins Figueras"},"image":{"@id":"https:\/\/joaquimmolinsfigueras.org\/webnew\/#\/schema\/logo\/image\/"},"sameAs":["https:\/\/www.facebook.com\/FundacioJoaquimMolinsFigueras\/"]}]}},"_links":{"self":[{"href":"https:\/\/joaquimmolinsfigueras.org\/webnew\/wp-json\/wp\/v2\/pages\/1543"}],"collection":[{"href":"https:\/\/joaquimmolinsfigueras.org\/webnew\/wp-json\/wp\/v2\/pages"}],"about":[{"href":"https:\/\/joaquimmolinsfigueras.org\/webnew\/wp-json\/wp\/v2\/types\/page"}],"author":[{"embeddable":true,"href":"https:\/\/joaquimmolinsfigueras.org\/webnew\/wp-json\/wp\/v2\/users\/1"}],"replies":[{"embeddable":true,"href":"https:\/\/joaquimmolinsfigueras.org\/webnew\/wp-json\/wp\/v2\/comments?post=1543"}],"version-history":[{"count":0,"href":"https:\/\/joaquimmolinsfigueras.org\/webnew\/wp-json\/wp\/v2\/pages\/1543\/revisions"}],"wp:attachment":[{"href":"https:\/\/joaquimmolinsfigueras.org\/webnew\/wp-json\/wp\/v2\/media?parent=1543"}],"curies":[{"name":"wp","href":"https:\/\/api.w.org\/{rel}","templated":true}]}}